{"id":297,"date":"2022-06-19T14:30:04","date_gmt":"2022-06-19T12:30:04","guid":{"rendered":"http:\/\/weezy.bplaced.net\/?page_id=297"},"modified":"2026-04-05T08:35:15","modified_gmt":"2026-04-05T06:35:15","slug":"galerie","status":"publish","type":"page","link":"http:\/\/weezy.bplaced.net\/?page_id=297","title":{"rendered":"Galerie"},"content":{"rendered":"\n<p style=\"font-size:18px\"><strong>Verleihung Ehrenamtspreis &#8222;Ehrenamt schafft Begegnung&#8220;, Ministerium f\u00fcr Arbeit, Gesundheit und Soziales des Landes Nordrhein-Westfalen, D\u00fcsseldorf 26.03.2026<\/strong><\/p>\n\n\n<div class=\"rl-gallery-container rl-loading\" id=\"rl-gallery-container-1\" data-gallery_id=\"1750\"> <div class=\"rl-gallery rl-basicgrid-gallery \" id=\"rl-gallery-1\" data-gallery_no=\"1\"> <div class=\"rl-gallery-item\"><a href=\"http:\/\/weezy.bplaced.net\/wp-content\/uploads\/2026\/04\/MAGS-NRW-2026-Grusswort-Minister-Laumann_-01.jpg\" title=\"\" data-rl_title=\"\" class=\"rl-gallery-link\" data-rl_caption=\"\" data-rel=\"lightbox-gallery-1\"><img loading=\"lazy\" decoding=\"async\" src=\"http:\/\/weezy.bplaced.net\/wp-content\/uploads\/2026\/04\/MAGS-NRW-2026-Grusswort-Minister-Laumann_-01-300x200.jpg\" width=\"300\" height=\"200\" alt=\"\"\/><\/a><\/div><div class=\"rl-gallery-item\"><a href=\"http:\/\/weezy.bplaced.net\/wp-content\/uploads\/2026\/04\/MAGS-NRW-2026-Moderatorin-der-Veranstaltung-Fr.-Ramona-Gessler_-02.jpg\" title=\"\" data-rl_title=\"\" class=\"rl-gallery-link\" data-rl_caption=\"\" data-rel=\"lightbox-gallery-1\"><img loading=\"lazy\" decoding=\"async\" src=\"http:\/\/weezy.bplaced.net\/wp-content\/uploads\/2026\/04\/MAGS-NRW-2026-Moderatorin-der-Veranstaltung-Fr.-Ramona-Gessler_-02-300x200.jpg\" width=\"300\" height=\"200\" alt=\"\"\/><\/a><\/div><div class=\"rl-gallery-item\"><a href=\"http:\/\/weezy.bplaced.net\/wp-content\/uploads\/2026\/04\/Urkunde-Aufl.-2400-x-3000-px-scaled.jpg\" title=\"\" data-rl_title=\"\" class=\"rl-gallery-link\" data-rl_caption=\"\" data-rel=\"lightbox-gallery-1\"><img loading=\"lazy\" decoding=\"async\" src=\"http:\/\/weezy.bplaced.net\/wp-content\/uploads\/2026\/04\/Urkunde-Aufl.-2400-x-3000-px-240x300.jpg\" width=\"240\" height=\"300\" alt=\"\"\/><\/a><\/div><div class=\"rl-gallery-item\"><a href=\"http:\/\/weezy.bplaced.net\/wp-content\/uploads\/2026\/03\/MAGS-NRW-Ddorf_EULE-PB_26.03.26-scaled.jpg\" title=\"\" data-rl_title=\"\" class=\"rl-gallery-link\" data-rl_caption=\"\" data-rel=\"lightbox-gallery-1\"><img loading=\"lazy\" decoding=\"async\" src=\"http:\/\/weezy.bplaced.net\/wp-content\/uploads\/2026\/03\/MAGS-NRW-Ddorf_EULE-PB_26.03.26-300x200.jpg\" width=\"300\" height=\"200\" alt=\"\"\/><\/a><\/div><div class=\"rl-gallery-item\"><a href=\"http:\/\/weezy.bplaced.net\/wp-content\/uploads\/2026\/04\/MAGS-NRW-2026-Gruppenfoto-PreistraegerInnen-im-Foyer_-04.jpg\" title=\"\" data-rl_title=\"\" class=\"rl-gallery-link\" data-rl_caption=\"\" data-rel=\"lightbox-gallery-1\"><img loading=\"lazy\" decoding=\"async\" src=\"http:\/\/weezy.bplaced.net\/wp-content\/uploads\/2026\/04\/MAGS-NRW-2026-Gruppenfoto-PreistraegerInnen-im-Foyer_-04-300x169.jpg\" width=\"300\" height=\"169\" alt=\"\"\/><\/a><\/div><div class=\"rl-gallery-item\"><a href=\"http:\/\/weezy.bplaced.net\/wp-content\/uploads\/2026\/04\/Dankschreiben-Praesident-Landtag-NRW-Andre-Kuper-v.-14.04.26_bearb.jpg\" title=\"\" data-rl_title=\"\" class=\"rl-gallery-link\" data-rl_caption=\"\" data-rel=\"lightbox-gallery-1\"><img loading=\"lazy\" decoding=\"async\" src=\"http:\/\/weezy.bplaced.net\/wp-content\/uploads\/2026\/04\/Dankschreiben-Praesident-Landtag-NRW-Andre-Kuper-v.-14.04.26_bearb-212x300.jpg\" width=\"212\" height=\"300\" alt=\"\"\/><\/a><\/div> <\/div> <\/div>\n\n\n\n<p style=\"font-size:18px\">Feierstunde zur Verleihung des Ehrenamtspreises &#8222;Ehrenamt schafft Begegnung&#8220; im Karl-Arnold-Saal des Ministeriums f\u00fcr Arbeit, Gesundheit und Soziales des Landes Nordrhein-Westfalen, D\u00fcsseldorf 26.03.2026<\/p>\n\n\n\n<p style=\"font-size:18px\">Foto 1: Gru\u00dfwort Sozialminister Karl-Josef Laumann MdL<\/p>\n\n\n\n<p style=\"font-size:18px\">Foto 2: Moderatorin der Preisverleihung Frau Ramona Ge\u00dfler<\/p>\n\n\n\n<p style=\"font-size:18px\">Foto 3: Urkunde Ehrenamtspreis f\u00fcr &#8222;EULE &#8211; Sch\u00fcler unterrichten Senioren&#8220;<\/p>\n\n\n\n<p style=\"font-size:18px\">Foto 4: Preisverleihung &#8222;Projekt EULE &#8211; Sch\u00fcler unterrichten Senioren&#8220;<\/p>\n\n\n\n<p style=\"font-size:18px\">v. li. n. re.: Karl-Josef Laumann, Udo Hoischen, Thomas Koke, Heinz Stratmann, Rahel Peters, Reinhard Brechmann, Celina Bigesse, Sindy Hilbig, Rokan Morad, Ren\u00e9 Weitzenb\u00fcrger, Karina Drewes<\/p>\n\n\n\n<p style=\"font-size:18px\">Foto 5: Gruppenfoto Preistr\u00e4ger:innen, Foyer des Ministeriums f\u00fcr Arbeit, Gesundheit und Soziales des Landes Nordrhein-Westfalen, D\u00fcsseldorf<\/p>\n\n\n\n<p>.<\/p>\n\n\n\n<p style=\"font-size:18px\"><strong>Informationsveranstaltung 2025, LEBK Paderborn 25.09.2025<\/strong><\/p>\n\n\n<div class=\"rl-gallery-container rl-loading\" id=\"rl-gallery-container-2\" data-gallery_id=\"1557\"> <div class=\"rl-gallery rl-basicgrid-gallery \" id=\"rl-gallery-2\" data-gallery_no=\"2\"> <div class=\"rl-gallery-item\"><a href=\"http:\/\/weezy.bplaced.net\/wp-content\/uploads\/2025\/09\/EULE-Infoveranstaltung-LEBK-PB-2025-09-25_006_bearbeitet.jpg\" title=\"\" data-rl_title=\"\" class=\"rl-gallery-link\" data-rl_caption=\"\" data-rel=\"lightbox-gallery-2\"><img loading=\"lazy\" decoding=\"async\" src=\"http:\/\/weezy.bplaced.net\/wp-content\/uploads\/2025\/09\/EULE-Infoveranstaltung-LEBK-PB-2025-09-25_006_bearbeitet-300x145.jpg\" width=\"300\" height=\"145\" alt=\"\"\/><\/a><\/div> <\/div> <\/div>\n\n\n\n<p>.<\/p>\n\n\n\n<p style=\"font-size:18px\"><strong>&#8222;sozialgeniales&#8220; Schulprojekt &#8222;EULE&#8220; am Ludwig-Erhard-Berufskolleg in Paderborn ausgezeichnet, LEBK Paderborn 27.03.2025<\/strong><\/p>\n\n\n<div class=\"rl-gallery-container rl-loading\" id=\"rl-gallery-container-3\" data-gallery_id=\"1451\"> <div class=\"rl-gallery rl-basicgrid-gallery \" id=\"rl-gallery-3\" data-gallery_no=\"3\"> <div class=\"rl-gallery-item\"><a href=\"http:\/\/weezy.bplaced.net\/wp-content\/uploads\/2025\/04\/EULE2025_Pressefoto_klein_bearbeitet.jpg\" title=\"\" data-rl_title=\"\" class=\"rl-gallery-link\" data-rl_caption=\"\" data-rel=\"lightbox-gallery-3\"><img loading=\"lazy\" decoding=\"async\" src=\"http:\/\/weezy.bplaced.net\/wp-content\/uploads\/2025\/04\/EULE2025_Pressefoto_klein_bearbeitet-300x181.jpg\" width=\"300\" height=\"181\" alt=\"\"\/><\/a><\/div><div class=\"rl-gallery-item\"><a href=\"http:\/\/weezy.bplaced.net\/wp-content\/uploads\/2025\/04\/EULE-Team_Fr.Koeller_B.Hoop_2025_03_27_077_bearbeitet.jpg\" title=\"\" data-rl_title=\"\" class=\"rl-gallery-link\" data-rl_caption=\"\" data-rel=\"lightbox-gallery-3\"><img loading=\"lazy\" decoding=\"async\" src=\"http:\/\/weezy.bplaced.net\/wp-content\/uploads\/2025\/04\/EULE-Team_Fr.Koeller_B.Hoop_2025_03_27_077_bearbeitet-300x173.jpg\" width=\"300\" height=\"173\" alt=\"\"\/><\/a><\/div><div class=\"rl-gallery-item\"><a href=\"http:\/\/weezy.bplaced.net\/wp-content\/uploads\/2025\/04\/06-Fr.Koeller_EULE-Verantwortliche_B.Hoop_2025_03_27_008_bearbeitet.jpg\" title=\"\" data-rl_title=\"\" class=\"rl-gallery-link\" data-rl_caption=\"\" data-rel=\"lightbox-gallery-3\"><img loading=\"lazy\" decoding=\"async\" src=\"http:\/\/weezy.bplaced.net\/wp-content\/uploads\/2025\/04\/06-Fr.Koeller_EULE-Verantwortliche_B.Hoop_2025_03_27_008_bearbeitet-300x208.jpg\" width=\"300\" height=\"208\" alt=\"\"\/><\/a><\/div> <\/div> <\/div>\n\n\n\n<p>.<\/p>\n\n\n\n<p style=\"font-size:18px\"><strong>&#8222;Weiberfastnacht 2025&#8220;, LEBK Paderborn 27.02.2025<\/strong><\/p>\n\n\n<div class=\"rl-gallery-container rl-loading\" id=\"rl-gallery-container-4\" data-gallery_id=\"1420\"> <div class=\"rl-gallery rl-basicgrid-gallery \" id=\"rl-gallery-4\" data-gallery_no=\"4\"> <div class=\"rl-gallery-item\"><a href=\"http:\/\/weezy.bplaced.net\/wp-content\/uploads\/2025\/03\/Weiberfastnacht-2025_001-scaled.jpg\" title=\"\" data-rl_title=\"\" class=\"rl-gallery-link\" data-rl_caption=\"\" data-rel=\"lightbox-gallery-4\"><img loading=\"lazy\" decoding=\"async\" src=\"http:\/\/weezy.bplaced.net\/wp-content\/uploads\/2025\/03\/Weiberfastnacht-2025_001-225x300.jpg\" width=\"225\" height=\"300\" alt=\"\"\/><\/a><\/div> <\/div> <\/div>\n\n\n\n<p>.<\/p>\n\n\n\n<p style=\"font-size:18px\"><strong>&#8222;EULE feiert Weihnachten&#8220;, LEBK Paderborn 19.12.2024<\/strong><\/p>\n\n\n<div class=\"rl-gallery-container rl-loading\" id=\"rl-gallery-container-5\" data-gallery_id=\"1363\"> <div class=\"rl-gallery rl-basicgrid-gallery \" id=\"rl-gallery-5\" data-gallery_no=\"5\"> <div class=\"rl-gallery-item\"><a href=\"http:\/\/weezy.bplaced.net\/wp-content\/uploads\/2024\/12\/EULE-Weihnachtsfeier_2024-12-19_001.jpg\" title=\"\" data-rl_title=\"\" class=\"rl-gallery-link\" data-rl_caption=\"\" data-rel=\"lightbox-gallery-5\"><img loading=\"lazy\" decoding=\"async\" src=\"http:\/\/weezy.bplaced.net\/wp-content\/uploads\/2024\/12\/EULE-Weihnachtsfeier_2024-12-19_001-300x225.jpg\" width=\"300\" height=\"225\" alt=\"\"\/><\/a><\/div><div class=\"rl-gallery-item\"><a href=\"http:\/\/weezy.bplaced.net\/wp-content\/uploads\/2024\/12\/EULE-Weihnachtsfeier_2024-12-19_002-rotated.jpg\" title=\"\" data-rl_title=\"\" class=\"rl-gallery-link\" data-rl_caption=\"\" data-rel=\"lightbox-gallery-5\"><img loading=\"lazy\" decoding=\"async\" src=\"http:\/\/weezy.bplaced.net\/wp-content\/uploads\/2024\/12\/EULE-Weihnachtsfeier_2024-12-19_002-300x169.jpg\" width=\"300\" height=\"169\" alt=\"\"\/><\/a><\/div><div class=\"rl-gallery-item\"><a href=\"http:\/\/weezy.bplaced.net\/wp-content\/uploads\/2024\/12\/EULE-Weihnachtsfeier_2024-12-19_003.jpg\" title=\"\" data-rl_title=\"\" class=\"rl-gallery-link\" data-rl_caption=\"\" data-rel=\"lightbox-gallery-5\"><img loading=\"lazy\" decoding=\"async\" src=\"http:\/\/weezy.bplaced.net\/wp-content\/uploads\/2024\/12\/EULE-Weihnachtsfeier_2024-12-19_003-300x225.jpg\" width=\"300\" height=\"225\" alt=\"\"\/><\/a><\/div><div class=\"rl-gallery-item\"><a href=\"http:\/\/weezy.bplaced.net\/wp-content\/uploads\/2024\/12\/EULE-Weihnachtsfeier_2024-12-19_004.jpg\" title=\"\" data-rl_title=\"\" class=\"rl-gallery-link\" data-rl_caption=\"\" data-rel=\"lightbox-gallery-5\"><img loading=\"lazy\" decoding=\"async\" src=\"http:\/\/weezy.bplaced.net\/wp-content\/uploads\/2024\/12\/EULE-Weihnachtsfeier_2024-12-19_004-198x300.jpg\" width=\"198\" height=\"300\" alt=\"\"\/><\/a><\/div><div class=\"rl-gallery-item\"><a href=\"http:\/\/weezy.bplaced.net\/wp-content\/uploads\/2024\/12\/EULE-Weihnachtsfeier_2024-12-19_005.jpg\" title=\"\" data-rl_title=\"\" class=\"rl-gallery-link\" data-rl_caption=\"\" data-rel=\"lightbox-gallery-5\"><img loading=\"lazy\" decoding=\"async\" src=\"http:\/\/weezy.bplaced.net\/wp-content\/uploads\/2024\/12\/EULE-Weihnachtsfeier_2024-12-19_005-225x300.jpg\" width=\"225\" height=\"300\" alt=\"\"\/><\/a><\/div> <\/div> <\/div>\n\n\n\n<p>.<\/p>\n\n\n\n<p style=\"font-size:18px\"><strong>&#8222;sozialgenial-Praxistag&#8220;, Foyer Atruvia AG M\u00fcnster 09.10.2024<\/strong><\/p>\n\n\n<div class=\"rl-gallery-container rl-loading\" id=\"rl-gallery-container-6\" data-gallery_id=\"1306\"> <div class=\"rl-gallery rl-basicgrid-gallery \" id=\"rl-gallery-6\" data-gallery_no=\"6\"> <div class=\"rl-gallery-item\"><a href=\"http:\/\/weezy.bplaced.net\/wp-content\/uploads\/2024\/10\/Gruppenfoto-Teilnehmer.jpg\" title=\"\" data-rl_title=\"\" class=\"rl-gallery-link\" data-rl_caption=\"\" data-rel=\"lightbox-gallery-6\"><img loading=\"lazy\" decoding=\"async\" src=\"http:\/\/weezy.bplaced.net\/wp-content\/uploads\/2024\/10\/Gruppenfoto-Teilnehmer-300x200.jpg\" width=\"300\" height=\"200\" alt=\"\"\/><\/a><\/div> <\/div> <\/div>\n\n\n\n<p>.<\/p>\n\n\n\n<p style=\"font-size:18px\"><strong>&#8222;A Musical Christmas&#8220;, Paderhalle Paderborn 05.12.2023<\/strong><\/p>\n\n\n<div class=\"rl-gallery-container rl-loading\" id=\"rl-gallery-container-7\" data-gallery_id=\"1035\"> <div class=\"rl-gallery rl-basicgrid-gallery \" id=\"rl-gallery-7\" data-gallery_no=\"7\"> <div class=\"rl-gallery-item\"><a href=\"http:\/\/weezy.bplaced.net\/wp-content\/uploads\/2023\/12\/A-Musical-Christmas-PB-1geae-20231205_200300-scaled.jpg\" title=\"\" data-rl_title=\"\" class=\"rl-gallery-link\" data-rl_caption=\"\" data-rel=\"lightbox-gallery-7\"><img loading=\"lazy\" decoding=\"async\" src=\"http:\/\/weezy.bplaced.net\/wp-content\/uploads\/2023\/12\/A-Musical-Christmas-PB-1geae-20231205_200300-300x169.jpg\" width=\"300\" height=\"169\" alt=\"\"\/><\/a><\/div><div class=\"rl-gallery-item\"><a href=\"http:\/\/weezy.bplaced.net\/wp-content\/uploads\/2023\/12\/A-Musical-Christmas-PB-2geae-20231205_200851-scaled.jpg\" title=\"\" data-rl_title=\"\" class=\"rl-gallery-link\" data-rl_caption=\"\" data-rel=\"lightbox-gallery-7\"><img loading=\"lazy\" decoding=\"async\" src=\"http:\/\/weezy.bplaced.net\/wp-content\/uploads\/2023\/12\/A-Musical-Christmas-PB-2geae-20231205_200851-300x169.jpg\" width=\"300\" height=\"169\" alt=\"\"\/><\/a><\/div><div class=\"rl-gallery-item\"><a href=\"http:\/\/weezy.bplaced.net\/wp-content\/uploads\/2023\/12\/A-Musical-Christmas-PB-3geae-20231205_201914-scaled.jpg\" title=\"\" data-rl_title=\"\" class=\"rl-gallery-link\" data-rl_caption=\"\" data-rel=\"lightbox-gallery-7\"><img loading=\"lazy\" decoding=\"async\" src=\"http:\/\/weezy.bplaced.net\/wp-content\/uploads\/2023\/12\/A-Musical-Christmas-PB-3geae-20231205_201914-300x169.jpg\" width=\"300\" height=\"169\" alt=\"\"\/><\/a><\/div><div class=\"rl-gallery-item\"><a href=\"http:\/\/weezy.bplaced.net\/wp-content\/uploads\/2023\/12\/A-Musical-Christmas-PB-4geae-20231205_202341-scaled.jpg\" title=\"\" data-rl_title=\"\" class=\"rl-gallery-link\" data-rl_caption=\"\" data-rel=\"lightbox-gallery-7\"><img loading=\"lazy\" decoding=\"async\" src=\"http:\/\/weezy.bplaced.net\/wp-content\/uploads\/2023\/12\/A-Musical-Christmas-PB-4geae-20231205_202341-300x169.jpg\" width=\"300\" height=\"169\" alt=\"\"\/><\/a><\/div><div class=\"rl-gallery-item\"><a href=\"http:\/\/weezy.bplaced.net\/wp-content\/uploads\/2023\/12\/A-Musical-Christmas-PB-5geae-20231205_202705-scaled.jpg\" title=\"\" data-rl_title=\"\" class=\"rl-gallery-link\" data-rl_caption=\"\" data-rel=\"lightbox-gallery-7\"><img loading=\"lazy\" decoding=\"async\" src=\"http:\/\/weezy.bplaced.net\/wp-content\/uploads\/2023\/12\/A-Musical-Christmas-PB-5geae-20231205_202705-300x169.jpg\" width=\"300\" height=\"169\" alt=\"\"\/><\/a><\/div><div class=\"rl-gallery-item\"><a href=\"http:\/\/weezy.bplaced.net\/wp-content\/uploads\/2023\/12\/A-Musical-Christmas-PB-6geae-20231205_203028-scaled.jpg\" title=\"\" data-rl_title=\"\" class=\"rl-gallery-link\" data-rl_caption=\"\" data-rel=\"lightbox-gallery-7\"><img loading=\"lazy\" decoding=\"async\" src=\"http:\/\/weezy.bplaced.net\/wp-content\/uploads\/2023\/12\/A-Musical-Christmas-PB-6geae-20231205_203028-300x169.jpg\" width=\"300\" height=\"169\" alt=\"\"\/><\/a><\/div><div class=\"rl-gallery-item\"><a href=\"http:\/\/weezy.bplaced.net\/wp-content\/uploads\/2023\/12\/A-Musical-Christmas-PB-7geae-20231205_210001-scaled.jpg\" title=\"\" data-rl_title=\"\" class=\"rl-gallery-link\" data-rl_caption=\"\" data-rel=\"lightbox-gallery-7\"><img loading=\"lazy\" decoding=\"async\" src=\"http:\/\/weezy.bplaced.net\/wp-content\/uploads\/2023\/12\/A-Musical-Christmas-PB-7geae-20231205_210001-300x169.jpg\" width=\"300\" height=\"169\" alt=\"\"\/><\/a><\/div><div class=\"rl-gallery-item\"><a href=\"http:\/\/weezy.bplaced.net\/wp-content\/uploads\/2023\/12\/A-Musical-Christmas-PB-8geae-20231205_211050-scaled.jpg\" title=\"\" data-rl_title=\"\" class=\"rl-gallery-link\" data-rl_caption=\"\" data-rel=\"lightbox-gallery-7\"><img loading=\"lazy\" decoding=\"async\" src=\"http:\/\/weezy.bplaced.net\/wp-content\/uploads\/2023\/12\/A-Musical-Christmas-PB-8geae-20231205_211050-300x169.jpg\" width=\"300\" height=\"169\" alt=\"\"\/><\/a><\/div><div class=\"rl-gallery-item\"><a href=\"http:\/\/weezy.bplaced.net\/wp-content\/uploads\/2023\/12\/A-Musical-Christmas-PB-9geae-20231205_211052-scaled.jpg\" title=\"\" data-rl_title=\"\" class=\"rl-gallery-link\" data-rl_caption=\"\" data-rel=\"lightbox-gallery-7\"><img loading=\"lazy\" decoding=\"async\" src=\"http:\/\/weezy.bplaced.net\/wp-content\/uploads\/2023\/12\/A-Musical-Christmas-PB-9geae-20231205_211052-300x169.jpg\" width=\"300\" height=\"169\" alt=\"\"\/><\/a><\/div><div class=\"rl-gallery-item\"><a href=\"http:\/\/weezy.bplaced.net\/wp-content\/uploads\/2023\/12\/A-Musical-Christmas-PB-10geae-20231205_211235-scaled.jpg\" title=\"\" data-rl_title=\"\" class=\"rl-gallery-link\" data-rl_caption=\"\" data-rel=\"lightbox-gallery-7\"><img loading=\"lazy\" decoding=\"async\" src=\"http:\/\/weezy.bplaced.net\/wp-content\/uploads\/2023\/12\/A-Musical-Christmas-PB-10geae-20231205_211235-169x300.jpg\" width=\"169\" height=\"300\" alt=\"\"\/><\/a><\/div><div class=\"rl-gallery-item\"><a href=\"http:\/\/weezy.bplaced.net\/wp-content\/uploads\/2023\/12\/A-Musical-Christmas-PB-12geae-20231205_214446-scaled.jpg\" title=\"\" data-rl_title=\"\" class=\"rl-gallery-link\" data-rl_caption=\"\" data-rel=\"lightbox-gallery-7\"><img loading=\"lazy\" decoding=\"async\" src=\"http:\/\/weezy.bplaced.net\/wp-content\/uploads\/2023\/12\/A-Musical-Christmas-PB-12geae-20231205_214446-300x169.jpg\" width=\"300\" height=\"169\" alt=\"\"\/><\/a><\/div><div class=\"rl-gallery-item\"><a href=\"http:\/\/weezy.bplaced.net\/wp-content\/uploads\/2023\/12\/A-Musical-Christmas-PB-13geae-20231205_215255-scaled.jpg\" title=\"\" data-rl_title=\"\" class=\"rl-gallery-link\" data-rl_caption=\"\" data-rel=\"lightbox-gallery-7\"><img loading=\"lazy\" decoding=\"async\" src=\"http:\/\/weezy.bplaced.net\/wp-content\/uploads\/2023\/12\/A-Musical-Christmas-PB-13geae-20231205_215255-300x169.jpg\" width=\"300\" height=\"169\" alt=\"\"\/><\/a><\/div><div class=\"rl-gallery-item\"><a href=\"http:\/\/weezy.bplaced.net\/wp-content\/uploads\/2023\/12\/A-Musical-Christmas-PB-14geae-20231205_215259-scaled.jpg\" title=\"\" data-rl_title=\"\" class=\"rl-gallery-link\" data-rl_caption=\"\" data-rel=\"lightbox-gallery-7\"><img loading=\"lazy\" decoding=\"async\" src=\"http:\/\/weezy.bplaced.net\/wp-content\/uploads\/2023\/12\/A-Musical-Christmas-PB-14geae-20231205_215259-300x169.jpg\" width=\"300\" height=\"169\" alt=\"\"\/><\/a><\/div><div class=\"rl-gallery-item\"><a href=\"http:\/\/weezy.bplaced.net\/wp-content\/uploads\/2023\/12\/A-Musical-Christmas-PB-15geae-20231205_215718-scaled.jpg\" title=\"\" data-rl_title=\"\" class=\"rl-gallery-link\" data-rl_caption=\"\" data-rel=\"lightbox-gallery-7\"><img loading=\"lazy\" decoding=\"async\" src=\"http:\/\/weezy.bplaced.net\/wp-content\/uploads\/2023\/12\/A-Musical-Christmas-PB-15geae-20231205_215718-300x169.jpg\" width=\"300\" height=\"169\" alt=\"\"\/><\/a><\/div><div class=\"rl-gallery-item\"><a href=\"http:\/\/weezy.bplaced.net\/wp-content\/uploads\/2023\/12\/A-Musical-Christmas-PB-16geae-20231205_215734-scaled.jpg\" title=\"\" data-rl_title=\"\" class=\"rl-gallery-link\" data-rl_caption=\"\" data-rel=\"lightbox-gallery-7\"><img loading=\"lazy\" decoding=\"async\" src=\"http:\/\/weezy.bplaced.net\/wp-content\/uploads\/2023\/12\/A-Musical-Christmas-PB-16geae-20231205_215734-300x169.jpg\" width=\"300\" height=\"169\" alt=\"\"\/><\/a><\/div><div class=\"rl-gallery-item\"><a href=\"http:\/\/weezy.bplaced.net\/wp-content\/uploads\/2023\/12\/A-Musical-Christmas-PB-17geae-20231205_220432-scaled.jpg\" title=\"\" data-rl_title=\"\" class=\"rl-gallery-link\" data-rl_caption=\"\" data-rel=\"lightbox-gallery-7\"><img loading=\"lazy\" decoding=\"async\" src=\"http:\/\/weezy.bplaced.net\/wp-content\/uploads\/2023\/12\/A-Musical-Christmas-PB-17geae-20231205_220432-300x169.jpg\" width=\"300\" height=\"169\" alt=\"\"\/><\/a><\/div> <\/div> <\/div>\n\n\n\n<p>.<\/p>\n\n\n\n<p style=\"font-size:18px\"><strong>EULE-Stand am Infotag, LEBK Paderborn 25.11.2023<\/strong><\/p>\n\n\n<div class=\"rl-gallery-container rl-loading\" id=\"rl-gallery-container-8\" data-gallery_id=\"1019\"> <div class=\"rl-gallery rl-basicgrid-gallery \" id=\"rl-gallery-8\" data-gallery_no=\"8\"> <div class=\"rl-gallery-item\"><a href=\"http:\/\/weezy.bplaced.net\/wp-content\/uploads\/2023\/11\/EULE-Stand-Infotag-LEBK-25.11.2023_1a-rotated.jpg\" title=\"\" data-rl_title=\"\" class=\"rl-gallery-link\" data-rl_caption=\"\" data-rel=\"lightbox-gallery-8\"><img loading=\"lazy\" decoding=\"async\" src=\"http:\/\/weezy.bplaced.net\/wp-content\/uploads\/2023\/11\/EULE-Stand-Infotag-LEBK-25.11.2023_1a-300x169.jpg\" width=\"300\" height=\"169\" alt=\"\"\/><\/a><\/div> <\/div> <\/div>\n\n\n\n<p>.<\/p>\n\n\n\n<p style=\"font-size:18px\"><strong>&#8222;Tag der Paderborner Berufskollegs&#8220;, LEBK Paderborn 26.10.2022<\/strong><\/p>\n\n\n<div class=\"rl-gallery-container rl-loading\" id=\"rl-gallery-container-9\" data-gallery_id=\"785\"> <div class=\"rl-gallery rl-basicgrid-gallery \" id=\"rl-gallery-9\" data-gallery_no=\"9\"> <div class=\"rl-gallery-item\"><a href=\"http:\/\/weezy.bplaced.net\/wp-content\/uploads\/2022\/11\/Tag-der-BKs-PB-EULE-Stand-26.10.22.jpg\" title=\"\" data-rl_title=\"\" class=\"rl-gallery-link\" data-rl_caption=\"\" data-rel=\"lightbox-gallery-9\"><img loading=\"lazy\" decoding=\"async\" src=\"http:\/\/weezy.bplaced.net\/wp-content\/uploads\/2022\/11\/Tag-der-BKs-PB-EULE-Stand-26.10.22-300x200.jpg\" width=\"300\" height=\"200\" alt=\"\"\/><\/a><\/div> <\/div> <\/div>\n\n\n\n<p>.<\/p>\n\n\n\n<p style=\"font-size:18px\"><strong>10 Jahre &#8222;sozialgenial&#8220;-Schulprojekt: neues &#8222;sozialgenial&#8220;-Schild, LEBK Paderborn 2021<\/strong><\/p>\n\n\n<div class=\"rl-gallery-container rl-loading\" id=\"rl-gallery-container-10\" data-gallery_id=\"504\"> <div class=\"rl-gallery rl-basicgrid-gallery \" id=\"rl-gallery-10\" data-gallery_no=\"10\"> <div class=\"rl-gallery-item\"><a href=\"http:\/\/weezy.bplaced.net\/wp-content\/uploads\/2022\/06\/sozialgenial-Schild_Juni2021-1-scaled.jpg\" title=\"\" data-rl_title=\"\" class=\"rl-gallery-link\" data-rl_caption=\"\" data-rel=\"lightbox-gallery-10\"><img loading=\"lazy\" decoding=\"async\" src=\"http:\/\/weezy.bplaced.net\/wp-content\/uploads\/2022\/06\/sozialgenial-Schild_Juni2021-1-150x150.jpg\" width=\"150\" height=\"150\" alt=\"\"\/><\/a><\/div> <\/div> <\/div>\n\n\n\n<p>.<\/p>\n\n\n\n<p style=\"font-size:18px\"><strong>Besuch Herr Dr. Ernst, Stiftung Aktive B\u00fcrgerschaft Berlin, LEBK Paderborn 2019<\/strong><\/p>\n\n\n<div class=\"rl-gallery-container rl-loading\" id=\"rl-gallery-container-11\" data-gallery_id=\"430\"> <div class=\"rl-gallery rl-basicgrid-gallery \" id=\"rl-gallery-11\" data-gallery_no=\"11\"> <div class=\"rl-gallery-item\"><a href=\"http:\/\/weezy.bplaced.net\/wp-content\/uploads\/2022\/06\/Besuch_Hr_Dr_Ernst_13112019.jpeg\" title=\"\" data-rl_title=\"\" class=\"rl-gallery-link\" data-rl_caption=\"\" data-rel=\"lightbox-gallery-11\"><img loading=\"lazy\" decoding=\"async\" src=\"http:\/\/weezy.bplaced.net\/wp-content\/uploads\/2022\/06\/Besuch_Hr_Dr_Ernst_13112019-150x150.jpeg\" width=\"150\" height=\"150\" alt=\"\"\/><\/a><\/div> <\/div> <\/div>\n\n\n\n<p class=\"has-text-align-left\" style=\"font-size:18px\">Besuch von Herrn Dr. Ernst aus Berlin<\/p>\n\n\n\n<p style=\"font-size:18px\">v. li.: Thomas, Koke, Verena Dirksmeier, Niklas Hamm, Reinhard Brechmann, Udo Hoischen, Karsten Hentschel, Heinz Stratmann, Dr. J\u00f6rg Ernst (Projektleiter Service Learning, Aktive B\u00fcrgerschaft), Theresa Stolp, Christiane Menne (Schulleiterin LEBK), Norbert Bogdanski<\/p>\n\n\n\n<p style=\"font-size:18px\">Foto: Projekt EULE Paderborn<\/p>\n\n\n\n<p>.<\/p>\n\n\n\n<p style=\"font-size:18px\"><strong>10 Jahre Projekt EULE, LEBK Paderborn 2019<\/strong><\/p>\n\n\n<div class=\"rl-gallery-container rl-loading\" id=\"rl-gallery-container-12\" data-gallery_id=\"487\"> <div class=\"rl-gallery rl-basicgrid-gallery \" id=\"rl-gallery-12\" data-gallery_no=\"12\"> <div class=\"rl-gallery-item\"><a href=\"http:\/\/weezy.bplaced.net\/wp-content\/uploads\/2022\/06\/10-Jahre-EULE_IMG_0021-scaled.jpg\" title=\"\" data-rl_title=\"\" class=\"rl-gallery-link\" data-rl_caption=\"\" data-rel=\"lightbox-gallery-12\"><img loading=\"lazy\" decoding=\"async\" src=\"http:\/\/weezy.bplaced.net\/wp-content\/uploads\/2022\/06\/10-Jahre-EULE_IMG_0021-150x150.jpg\" width=\"150\" height=\"150\" alt=\"\"\/><\/a><\/div><div class=\"rl-gallery-item\"><a href=\"http:\/\/weezy.bplaced.net\/wp-content\/uploads\/2022\/06\/10-Jahre-EULE_IMG_0023-scaled.jpg\" title=\"\" data-rl_title=\"\" class=\"rl-gallery-link\" data-rl_caption=\"\" data-rel=\"lightbox-gallery-12\"><img loading=\"lazy\" decoding=\"async\" src=\"http:\/\/weezy.bplaced.net\/wp-content\/uploads\/2022\/06\/10-Jahre-EULE_IMG_0023-150x150.jpg\" width=\"150\" height=\"150\" alt=\"\"\/><\/a><\/div><div class=\"rl-gallery-item\"><a href=\"http:\/\/weezy.bplaced.net\/wp-content\/uploads\/2022\/06\/10-Jahre-EULE_IMG_0024-scaled.jpg\" title=\"\" data-rl_title=\"\" class=\"rl-gallery-link\" data-rl_caption=\"\" data-rel=\"lightbox-gallery-12\"><img loading=\"lazy\" decoding=\"async\" src=\"http:\/\/weezy.bplaced.net\/wp-content\/uploads\/2022\/06\/10-Jahre-EULE_IMG_0024-150x150.jpg\" width=\"150\" height=\"150\" alt=\"\"\/><\/a><\/div> <\/div> <\/div>\n\n\n\n<p>.<\/p>\n\n\n\n<p style=\"font-size:18px\"><strong>Zertifikatsverleihung, LEBK Paderborn 2017<\/strong><\/p>\n\n\n<div class=\"rl-gallery-container rl-loading\" id=\"rl-gallery-container-13\" data-gallery_id=\"435\"> <div class=\"rl-gallery rl-basicgrid-gallery \" id=\"rl-gallery-13\" data-gallery_no=\"13\"> <div class=\"rl-gallery-item\"><a href=\"http:\/\/weezy.bplaced.net\/wp-content\/uploads\/2022\/06\/20170202_Zertifikatsbergabe_155931.jpg\" title=\"\" data-rl_title=\"\" class=\"rl-gallery-link\" data-rl_caption=\"\" data-rel=\"lightbox-gallery-13\"><img loading=\"lazy\" decoding=\"async\" src=\"http:\/\/weezy.bplaced.net\/wp-content\/uploads\/2022\/06\/20170202_Zertifikatsbergabe_155931-150x150.jpg\" width=\"150\" height=\"150\" alt=\"\"\/><\/a><\/div><div class=\"rl-gallery-item\"><a href=\"http:\/\/weezy.bplaced.net\/wp-content\/uploads\/2022\/06\/20170202_Zertifikatsbergabe_155815.jpg\" title=\"\" data-rl_title=\"\" class=\"rl-gallery-link\" data-rl_caption=\"\" data-rel=\"lightbox-gallery-13\"><img loading=\"lazy\" decoding=\"async\" src=\"http:\/\/weezy.bplaced.net\/wp-content\/uploads\/2022\/06\/20170202_Zertifikatsbergabe_155815-150x150.jpg\" width=\"150\" height=\"150\" alt=\"\"\/><\/a><\/div> <\/div> <\/div>\n\n\n\n<p>.<\/p>\n\n\n\n<p style=\"font-size:18px\"><strong>5 Jahre &#8222;sozialgenial&#8220;-Schulprojekt: \u00dcbergabe &#8222;sozialgenial&#8220;-Schild, LEBK Paderborn 2016<\/strong><\/p>\n\n\n<div class=\"rl-gallery-container rl-loading\" id=\"rl-gallery-container-14\" data-gallery_id=\"440\"> <div class=\"rl-gallery rl-basicgrid-gallery \" id=\"rl-gallery-14\" data-gallery_no=\"14\"> <div class=\"rl-gallery-item\"><a href=\"http:\/\/weezy.bplaced.net\/wp-content\/uploads\/2022\/06\/uebergabe-sozialgenial-Schild-_23.06.2016-LEBK-PB.jpg\" title=\"\" data-rl_title=\"\" class=\"rl-gallery-link\" data-rl_caption=\"\" data-rel=\"lightbox-gallery-14\"><img loading=\"lazy\" decoding=\"async\" src=\"http:\/\/weezy.bplaced.net\/wp-content\/uploads\/2022\/06\/uebergabe-sozialgenial-Schild-_23.06.2016-LEBK-PB-150x150.jpg\" width=\"150\" height=\"150\" alt=\"\"\/><\/a><\/div> <\/div> <\/div>\n\n\n\n<p class=\"has-text-align-left\" style=\"font-size:18px\">\u00dcberreichung &#8222;sozialgenial&#8220;-Schild an das Projekt EULE Paderborn<\/p>\n\n\n\n<p style=\"font-size:18px\">vordere Reihe v. li. n. re.: Michaela Heidenreich, Karsten Hentschel, Torben Mikus, Udo Hoischen, Lin Thiele (Regionalleiter Volksbank Paderborn-H\u00f6xter-Detmold), Heinz Stratmann, Dr. Jutta Schr\u00f6ten (Projektleiterin Service Learning, Aktive B\u00fcrgerschaft)<\/p>\n\n\n\n<p style=\"font-size:18px\">im Hintergrund: Senioren und Sch\u00fcler des Projekts EULE<\/p>\n\n\n\n<p style=\"font-size:18px\">Foto: Karl-Martin Fl\u00fcter, Caritasverband Paderborn<\/p>\n\n\n\n<p>.<\/p>\n\n\n\n<p style=\"font-size:18px\"><strong>Teilnahmeurkunde &#8222;Deutscher Engagementpreis&#8220;, Paderborn 2015<\/strong><\/p>\n\n\n<div class=\"rl-gallery-container rl-loading\" id=\"rl-gallery-container-15\" data-gallery_id=\"563\"> <div class=\"rl-gallery rl-basicgrid-gallery \" id=\"rl-gallery-15\" data-gallery_no=\"15\"> <div class=\"rl-gallery-item\"><a href=\"http:\/\/weezy.bplaced.net\/wp-content\/uploads\/2022\/06\/Teilnahmeurkunde_DEP_2015.jpg\" title=\"\" data-rl_title=\"\" class=\"rl-gallery-link\" data-rl_caption=\"\" data-rel=\"lightbox-gallery-15\"><img loading=\"lazy\" decoding=\"async\" src=\"http:\/\/weezy.bplaced.net\/wp-content\/uploads\/2022\/06\/Teilnahmeurkunde_DEP_2015-150x150.jpg\" width=\"150\" height=\"150\" alt=\"\"\/><\/a><\/div> <\/div> <\/div>\n\n\n\n<p>.<\/p>\n\n\n\n<p style=\"font-size:18px\"><strong>Verleihung &#8222;B\u00fcrgerpreis Paderborn 2014&#8220;, Spiegelsaal Schlo\u00df Neuhaus 2014<\/strong><\/p>\n\n\n<div class=\"rl-gallery-container rl-loading\" id=\"rl-gallery-container-16\" data-gallery_id=\"427\"> <div class=\"rl-gallery rl-basicgrid-gallery \" id=\"rl-gallery-16\" data-gallery_no=\"16\"> <div class=\"rl-gallery-item\"><a href=\"http:\/\/weezy.bplaced.net\/wp-content\/uploads\/2022\/06\/Buergerpreis-2014-_DSC03301-scaled.jpg\" title=\"\" data-rl_title=\"\" class=\"rl-gallery-link\" data-rl_caption=\"\" data-rel=\"lightbox-gallery-16\"><img loading=\"lazy\" decoding=\"async\" src=\"http:\/\/weezy.bplaced.net\/wp-content\/uploads\/2022\/06\/Buergerpreis-2014-_DSC03301-150x150.jpg\" width=\"150\" height=\"150\" alt=\"Preisverleihung, Spiegelsaal Schlo\u00df Neuhaus\"\/><\/a><\/div><div class=\"rl-gallery-item\"><a href=\"http:\/\/weezy.bplaced.net\/wp-content\/uploads\/2022\/06\/Verleihung-Brgerpreis-PB-21.11.2014-2-Dankesrede-N.Ltkemeier.jpg\" title=\"\" data-rl_title=\"\" class=\"rl-gallery-link\" data-rl_caption=\"\" data-rel=\"lightbox-gallery-16\"><img loading=\"lazy\" decoding=\"async\" src=\"http:\/\/weezy.bplaced.net\/wp-content\/uploads\/2022\/06\/Verleihung-Brgerpreis-PB-21.11.2014-2-Dankesrede-N.Ltkemeier-150x150.jpg\" width=\"150\" height=\"150\" alt=\"Dankesrede Nico L\u00fctkemeier, Spiegelsaal Schlo\u00df Neuhaus\"\/><\/a><\/div> <\/div> <\/div>\n\n\n\n<p style=\"font-size:18px\">Foto 1: B\u00fcrgerstiftung Paderborn, 21.11.2014<\/p>\n\n\n\n<p style=\"font-size:18px\">Foto 2: Neue Westf\u00e4lische Bielefeld, 22.11.2014<\/p>\n\n\n\n<p>.<\/p>\n\n\n\n<p style=\"font-size:18px\"><strong>Scheck\u00fcbergabe St. Johannes Bruderschaft Paderborn, LEBK Paderborn 2014<\/strong><\/p>\n\n\n<div class=\"rl-gallery-container rl-loading\" id=\"rl-gallery-container-17\" data-gallery_id=\"680\"> <div class=\"rl-gallery rl-basicgrid-gallery \" id=\"rl-gallery-17\" data-gallery_no=\"17\"> <div class=\"rl-gallery-item\"><a href=\"http:\/\/weezy.bplaced.net\/wp-content\/uploads\/2022\/06\/Spende-St.-Johannes-Bruderschaft.jpg\" title=\"\" data-rl_title=\"\" class=\"rl-gallery-link\" data-rl_caption=\"\" data-rel=\"lightbox-gallery-17\"><img loading=\"lazy\" decoding=\"async\" src=\"http:\/\/weezy.bplaced.net\/wp-content\/uploads\/2022\/06\/Spende-St.-Johannes-Bruderschaft-300x166.jpg\" width=\"300\" height=\"166\" alt=\"\"\/><\/a><\/div> <\/div> <\/div>\n\n\n\n<p class=\"has-text-align-left\" style=\"font-size:18px\">Scheck\u00fcbergabe St. Johannes Bruderschaft Paderborn an das Projekt EULE Paderborn<\/p>\n\n\n\n<p style=\"font-size:18px\">hintere Reihe (stehend) v. li. n. re.: Rainer Naewe, Ulrike Fromm, Alfons B\u00f6lte, J\u00fcrgen Deitelhoff, Ulrich Stohldreier, Karsten Hentschel, Udo Hoischen, Jasmin Amura, Moritz Niggemeier<\/p>\n\n\n\n<p style=\"font-size:18px\">vordere Reihe (sitzend) v. li. n. re.: Wolfgang Czapula, Nicolai Masalsky, Renate Just, Niklas Koch, Mathias Graf<\/p>\n\n\n\n<p>.<\/p>\n\n\n\n<p style=\"font-size:18px\"><strong>5 Jahre Projekt EULE, LEBK Paderborn 2014<\/strong><\/p>\n\n\n<div class=\"rl-gallery-container rl-loading\" id=\"rl-gallery-container-18\" data-gallery_id=\"353\"> <div class=\"rl-gallery rl-basicgrid-gallery \" id=\"rl-gallery-18\" data-gallery_no=\"18\"> <div class=\"rl-gallery-item\"><a href=\"http:\/\/weezy.bplaced.net\/wp-content\/uploads\/2022\/06\/eule5jahre_01.jpg\" title=\"\" data-rl_title=\"\" class=\"rl-gallery-link\" data-rl_caption=\"\" data-rel=\"lightbox-gallery-18\"><img loading=\"lazy\" decoding=\"async\" src=\"http:\/\/weezy.bplaced.net\/wp-content\/uploads\/2022\/06\/eule5jahre_01-150x150.jpg\" width=\"150\" height=\"150\" alt=\"\"\/><\/a><\/div><div class=\"rl-gallery-item\"><a href=\"http:\/\/weezy.bplaced.net\/wp-content\/uploads\/2022\/06\/eule5jahre_02.jpg\" title=\"\" data-rl_title=\"\" class=\"rl-gallery-link\" data-rl_caption=\"\" data-rel=\"lightbox-gallery-18\"><img loading=\"lazy\" decoding=\"async\" src=\"http:\/\/weezy.bplaced.net\/wp-content\/uploads\/2022\/06\/eule5jahre_02-150x150.jpg\" width=\"150\" height=\"150\" alt=\"\"\/><\/a><\/div><div class=\"rl-gallery-item\"><a href=\"http:\/\/weezy.bplaced.net\/wp-content\/uploads\/2022\/06\/eule5jahre_03.jpg\" title=\"\" data-rl_title=\"\" class=\"rl-gallery-link\" data-rl_caption=\"\" data-rel=\"lightbox-gallery-18\"><img loading=\"lazy\" decoding=\"async\" src=\"http:\/\/weezy.bplaced.net\/wp-content\/uploads\/2022\/06\/eule5jahre_03-150x150.jpg\" width=\"150\" height=\"150\" alt=\"\"\/><\/a><\/div><div class=\"rl-gallery-item\"><a href=\"http:\/\/weezy.bplaced.net\/wp-content\/uploads\/2022\/06\/eule5jahre_04.jpg\" title=\"\" data-rl_title=\"\" class=\"rl-gallery-link\" data-rl_caption=\"\" data-rel=\"lightbox-gallery-18\"><img loading=\"lazy\" decoding=\"async\" src=\"http:\/\/weezy.bplaced.net\/wp-content\/uploads\/2022\/06\/eule5jahre_04-150x150.jpg\" width=\"150\" height=\"150\" alt=\"\"\/><\/a><\/div> <\/div> <\/div>\n\n\n\n<p>.<\/p>\n\n\n\n<p style=\"font-size:18px\"><strong>F\u00fcnfte Fachtagung &#8222;Service Learning &#8211; Eine gute Schule f\u00fcr&#8217;s Leben!&#8220;, Foyer WGZ Bank D\u00fcsseldorf 2013<\/strong><\/p>\n\n\n<div class=\"rl-gallery-container rl-loading\" id=\"rl-gallery-container-19\" data-gallery_id=\"363\"> <div class=\"rl-gallery rl-basicgrid-gallery \" id=\"rl-gallery-19\" data-gallery_no=\"19\"> <div class=\"rl-gallery-item\"><a href=\"http:\/\/weezy.bplaced.net\/wp-content\/uploads\/2022\/06\/fachtagung.jpg\" title=\"\" data-rl_title=\"\" class=\"rl-gallery-link\" data-rl_caption=\"\" data-rel=\"lightbox-gallery-19\"><img loading=\"lazy\" decoding=\"async\" src=\"http:\/\/weezy.bplaced.net\/wp-content\/uploads\/2022\/06\/fachtagung-150x150.jpg\" width=\"150\" height=\"150\" alt=\"\"\/><\/a><\/div> <\/div> <\/div>\n\n\n\n<p class=\"has-text-align-left\" style=\"font-size:18px\">Gruppenfoto mit Vertreterinnen und Vertretern der &#8222;sozialgenial&#8220;-Mitgliedsschulen im Regierungsbezirk NRW mit Schulministerin Sylvia L\u00f6hrmann (1. Reihe stehend, Mitte)<\/p>\n\n\n\n<p style=\"font-size:18px\">Foto: Ralf Emmerich, Aktive B\u00fcrgerschaft<\/p>\n\n\n\n<p>.<\/p>\n\n\n\n<p style=\"font-size:18px\"><strong>Buchcover &#8222;Diskurs Service Learning. Unterricht und B\u00fcrgerengagement verbinden&#8220;, Dritte Fachtagung &#8222;Service Learning&#8220;, WGZ Bank D\u00fcsseldorf 2011<\/strong><\/p>\n\n\n<div class=\"rl-gallery-container rl-loading\" id=\"rl-gallery-container-20\" data-gallery_id=\"361\"> <div class=\"rl-gallery rl-basicgrid-gallery \" id=\"rl-gallery-20\" data-gallery_no=\"20\"> <div class=\"rl-gallery-item\"><a href=\"http:\/\/weezy.bplaced.net\/wp-content\/uploads\/2022\/06\/service_learning.jpg\" title=\"\" data-rl_title=\"\" class=\"rl-gallery-link\" data-rl_caption=\"\" data-rel=\"lightbox-gallery-20\"><img loading=\"lazy\" decoding=\"async\" src=\"http:\/\/weezy.bplaced.net\/wp-content\/uploads\/2022\/06\/service_learning-150x150.jpg\" width=\"150\" height=\"150\" alt=\"\"\/><\/a><\/div> <\/div> <\/div>\n\n\n\n<p style=\"font-size:18px\">Aktive B\u00fcrgerschaft e.V. (Hrsg.): &#8222;Diskurs Service Learning. Unterricht und B\u00fcrgerengagement verbinden&#8220;, 2011, ISBN 978-3-934738-20-1<\/p>\n\n\n\n<p style=\"font-size:18px\">Titelbild: Sch\u00fclerin des Ludwig-Erhard-Berufskollegs Paderborn berichtet Lehrern von ihren Erfahrungen mit einem sozialgenial-Schulprojekt beim Forum &#8222;Sch\u00fcler \u00fcbernehmen Verantwortung!&#8220; am 09.02.2011 in der Bezirksregierung Detmold<\/p>\n\n\n\n<p style=\"font-size:18px\">Foto: Ralf Emmerich, Aktive B\u00fcrgerschaft<\/p>\n\n\n\n<p>.<\/p>\n\n\n\n<p style=\"font-size:18px\"><strong>&#8222;Deutsh als Fremdsprache&#8220;, Amalthea-Theater Paderborn 2011<\/strong><\/p>\n\n\n<div class=\"rl-gallery-container rl-loading\" id=\"rl-gallery-container-21\" data-gallery_id=\"359\"> <div class=\"rl-gallery rl-basicgrid-gallery \" id=\"rl-gallery-21\" data-gallery_no=\"21\"> <div class=\"rl-gallery-item\"><a href=\"http:\/\/weezy.bplaced.net\/wp-content\/uploads\/2022\/06\/deutsh_als_fremdsprache.jpg\" title=\"\" data-rl_title=\"\" class=\"rl-gallery-link\" data-rl_caption=\"\" data-rel=\"lightbox-gallery-21\"><img loading=\"lazy\" decoding=\"async\" src=\"http:\/\/weezy.bplaced.net\/wp-content\/uploads\/2022\/06\/deutsh_als_fremdsprache-150x150.jpg\" width=\"150\" height=\"150\" alt=\"\"\/><\/a><\/div> <\/div> <\/div>\n\n\n\n<p>.<\/p>\n\n\n\n<p style=\"font-size:18px\"><strong>500 Tage Projekt EULE, LEBK Paderborn 2010<\/strong><\/p>\n\n\n<div class=\"rl-gallery-container rl-loading\" id=\"rl-gallery-container-22\" data-gallery_id=\"575\"> <div class=\"rl-gallery rl-basicgrid-gallery \" id=\"rl-gallery-22\" data-gallery_no=\"22\"> <div class=\"rl-gallery-item\"><a href=\"http:\/\/weezy.bplaced.net\/wp-content\/uploads\/2022\/06\/500-Tage-EULE.jpg\" title=\"\" data-rl_title=\"\" class=\"rl-gallery-link\" data-rl_caption=\"\" data-rel=\"lightbox-gallery-22\"><img loading=\"lazy\" decoding=\"async\" src=\"http:\/\/weezy.bplaced.net\/wp-content\/uploads\/2022\/06\/500-Tage-EULE-150x150.jpg\" width=\"150\" height=\"150\" alt=\"\"\/><\/a><\/div> <\/div> <\/div>\n\n\n\n<p>.<\/p>\n\n\n\n<p style=\"font-size:18px\"><strong>EULE-Sommerfeste, LEBK Paderborn 2009, 2010, 2011, 2013, 2014, 2022, 2023<\/strong><\/p>\n\n\n<div class=\"rl-gallery-container rl-loading\" id=\"rl-gallery-container-23\" data-gallery_id=\"346\"> <div class=\"rl-gallery rl-basicgrid-gallery \" id=\"rl-gallery-23\" data-gallery_no=\"23\"> <div class=\"rl-gallery-item\"><a href=\"http:\/\/weezy.bplaced.net\/wp-content\/uploads\/2022\/06\/Sommerfest-04.06.09-_01.jpg\" title=\"\" data-rl_title=\"\" class=\"rl-gallery-link\" data-rl_caption=\"\" data-rel=\"lightbox-gallery-23\"><img loading=\"lazy\" decoding=\"async\" src=\"http:\/\/weezy.bplaced.net\/wp-content\/uploads\/2022\/06\/Sommerfest-04.06.09-_01-150x150.jpg\" width=\"150\" height=\"150\" alt=\"\"\/><\/a><\/div><div class=\"rl-gallery-item\"><a href=\"http:\/\/weezy.bplaced.net\/wp-content\/uploads\/2022\/06\/Sommerfest-04.06.09-_02.jpg\" title=\"\" data-rl_title=\"\" class=\"rl-gallery-link\" data-rl_caption=\"\" data-rel=\"lightbox-gallery-23\"><img loading=\"lazy\" decoding=\"async\" src=\"http:\/\/weezy.bplaced.net\/wp-content\/uploads\/2022\/06\/Sommerfest-04.06.09-_02-150x150.jpg\" width=\"150\" height=\"150\" alt=\"\"\/><\/a><\/div><div class=\"rl-gallery-item\"><a href=\"http:\/\/weezy.bplaced.net\/wp-content\/uploads\/2022\/06\/Sommerfest-04.06.09-_07.jpg\" title=\"\" data-rl_title=\"\" class=\"rl-gallery-link\" data-rl_caption=\"\" data-rel=\"lightbox-gallery-23\"><img loading=\"lazy\" decoding=\"async\" src=\"http:\/\/weezy.bplaced.net\/wp-content\/uploads\/2022\/06\/Sommerfest-04.06.09-_07-150x150.jpg\" width=\"150\" height=\"150\" alt=\"\"\/><\/a><\/div><div class=\"rl-gallery-item\"><a href=\"http:\/\/weezy.bplaced.net\/wp-content\/uploads\/2022\/06\/Sommerfest-04.06.09-_08.jpg\" title=\"\" data-rl_title=\"\" class=\"rl-gallery-link\" data-rl_caption=\"\" data-rel=\"lightbox-gallery-23\"><img loading=\"lazy\" decoding=\"async\" src=\"http:\/\/weezy.bplaced.net\/wp-content\/uploads\/2022\/06\/Sommerfest-04.06.09-_08-150x150.jpg\" width=\"150\" height=\"150\" alt=\"\"\/><\/a><\/div><div class=\"rl-gallery-item\"><a href=\"http:\/\/weezy.bplaced.net\/wp-content\/uploads\/2022\/06\/Sommerfest-04.06.09-_22.jpg\" title=\"\" data-rl_title=\"\" class=\"rl-gallery-link\" data-rl_caption=\"\" data-rel=\"lightbox-gallery-23\"><img loading=\"lazy\" decoding=\"async\" src=\"http:\/\/weezy.bplaced.net\/wp-content\/uploads\/2022\/06\/Sommerfest-04.06.09-_22-150x150.jpg\" width=\"150\" height=\"150\" alt=\"\"\/><\/a><\/div><div class=\"rl-gallery-item\"><a href=\"http:\/\/weezy.bplaced.net\/wp-content\/uploads\/2022\/06\/sommerfest_2010_01.jpg\" title=\"\" data-rl_title=\"\" class=\"rl-gallery-link\" data-rl_caption=\"\" data-rel=\"lightbox-gallery-23\"><img loading=\"lazy\" decoding=\"async\" src=\"http:\/\/weezy.bplaced.net\/wp-content\/uploads\/2022\/06\/sommerfest_2010_01-150x150.jpg\" width=\"150\" height=\"150\" alt=\"\"\/><\/a><\/div><div class=\"rl-gallery-item\"><a href=\"http:\/\/weezy.bplaced.net\/wp-content\/uploads\/2022\/06\/sommerfest_2011_01.jpg\" title=\"\" data-rl_title=\"\" class=\"rl-gallery-link\" data-rl_caption=\"\" data-rel=\"lightbox-gallery-23\"><img loading=\"lazy\" decoding=\"async\" src=\"http:\/\/weezy.bplaced.net\/wp-content\/uploads\/2022\/06\/sommerfest_2011_01-150x150.jpg\" width=\"150\" height=\"150\" alt=\"\"\/><\/a><\/div><div class=\"rl-gallery-item\"><a href=\"http:\/\/weezy.bplaced.net\/wp-content\/uploads\/2022\/06\/sommerfest_2011_02.jpg\" title=\"\" data-rl_title=\"\" class=\"rl-gallery-link\" data-rl_caption=\"\" data-rel=\"lightbox-gallery-23\"><img loading=\"lazy\" decoding=\"async\" src=\"http:\/\/weezy.bplaced.net\/wp-content\/uploads\/2022\/06\/sommerfest_2011_02-150x150.jpg\" width=\"150\" height=\"150\" alt=\"\"\/><\/a><\/div><div class=\"rl-gallery-item\"><a href=\"http:\/\/weezy.bplaced.net\/wp-content\/uploads\/2022\/06\/sommerfest_2011_03.jpg\" title=\"\" data-rl_title=\"\" class=\"rl-gallery-link\" data-rl_caption=\"\" data-rel=\"lightbox-gallery-23\"><img loading=\"lazy\" decoding=\"async\" src=\"http:\/\/weezy.bplaced.net\/wp-content\/uploads\/2022\/06\/sommerfest_2011_03-150x150.jpg\" width=\"150\" height=\"150\" alt=\"\"\/><\/a><\/div><div class=\"rl-gallery-item\"><a href=\"http:\/\/weezy.bplaced.net\/wp-content\/uploads\/2022\/06\/sommerfest_2013_01.jpg\" title=\"\" data-rl_title=\"\" class=\"rl-gallery-link\" data-rl_caption=\"\" data-rel=\"lightbox-gallery-23\"><img loading=\"lazy\" decoding=\"async\" src=\"http:\/\/weezy.bplaced.net\/wp-content\/uploads\/2022\/06\/sommerfest_2013_01-150x150.jpg\" width=\"150\" height=\"150\" alt=\"\"\/><\/a><\/div><div class=\"rl-gallery-item\"><a href=\"http:\/\/weezy.bplaced.net\/wp-content\/uploads\/2022\/06\/sommerfest_2013_02.jpg\" title=\"\" data-rl_title=\"\" class=\"rl-gallery-link\" data-rl_caption=\"\" data-rel=\"lightbox-gallery-23\"><img loading=\"lazy\" decoding=\"async\" src=\"http:\/\/weezy.bplaced.net\/wp-content\/uploads\/2022\/06\/sommerfest_2013_02-150x150.jpg\" width=\"150\" height=\"150\" alt=\"\"\/><\/a><\/div><div class=\"rl-gallery-item\"><a href=\"http:\/\/weezy.bplaced.net\/wp-content\/uploads\/2022\/06\/sommerfest_2014_01.jpg\" title=\"\" data-rl_title=\"\" class=\"rl-gallery-link\" data-rl_caption=\"\" data-rel=\"lightbox-gallery-23\"><img loading=\"lazy\" decoding=\"async\" src=\"http:\/\/weezy.bplaced.net\/wp-content\/uploads\/2022\/06\/sommerfest_2014_01-150x150.jpg\" width=\"150\" height=\"150\" alt=\"\"\/><\/a><\/div><div class=\"rl-gallery-item\"><a href=\"http:\/\/weezy.bplaced.net\/wp-content\/uploads\/2022\/06\/sommerfest_2014_02.jpg\" title=\"\" data-rl_title=\"\" class=\"rl-gallery-link\" data-rl_caption=\"\" data-rel=\"lightbox-gallery-23\"><img loading=\"lazy\" decoding=\"async\" src=\"http:\/\/weezy.bplaced.net\/wp-content\/uploads\/2022\/06\/sommerfest_2014_02-150x150.jpg\" width=\"150\" height=\"150\" alt=\"\"\/><\/a><\/div><div class=\"rl-gallery-item\"><a href=\"http:\/\/weezy.bplaced.net\/wp-content\/uploads\/2022\/06\/sommerfest_2014_03.jpg\" title=\"\" data-rl_title=\"\" class=\"rl-gallery-link\" data-rl_caption=\"\" data-rel=\"lightbox-gallery-23\"><img loading=\"lazy\" decoding=\"async\" src=\"http:\/\/weezy.bplaced.net\/wp-content\/uploads\/2022\/06\/sommerfest_2014_03-150x150.jpg\" width=\"150\" height=\"150\" alt=\"\"\/><\/a><\/div><div class=\"rl-gallery-item\"><a href=\"http:\/\/weezy.bplaced.net\/wp-content\/uploads\/2022\/06\/sommerfest_2014_04.jpg\" title=\"\" data-rl_title=\"\" class=\"rl-gallery-link\" data-rl_caption=\"\" data-rel=\"lightbox-gallery-23\"><img loading=\"lazy\" decoding=\"async\" src=\"http:\/\/weezy.bplaced.net\/wp-content\/uploads\/2022\/06\/sommerfest_2014_04-150x150.jpg\" width=\"150\" height=\"150\" alt=\"\"\/><\/a><\/div><div class=\"rl-gallery-item\"><a href=\"http:\/\/weezy.bplaced.net\/wp-content\/uploads\/2022\/06\/sommerfest_2014_05.jpg\" title=\"\" data-rl_title=\"\" class=\"rl-gallery-link\" data-rl_caption=\"\" data-rel=\"lightbox-gallery-23\"><img loading=\"lazy\" decoding=\"async\" src=\"http:\/\/weezy.bplaced.net\/wp-content\/uploads\/2022\/06\/sommerfest_2014_05-150x150.jpg\" width=\"150\" height=\"150\" alt=\"\"\/><\/a><\/div><div class=\"rl-gallery-item\"><a href=\"http:\/\/weezy.bplaced.net\/wp-content\/uploads\/2022\/06\/sommerfest_2014_06.jpg\" title=\"\" data-rl_title=\"\" class=\"rl-gallery-link\" data-rl_caption=\"\" data-rel=\"lightbox-gallery-23\"><img loading=\"lazy\" decoding=\"async\" src=\"http:\/\/weezy.bplaced.net\/wp-content\/uploads\/2022\/06\/sommerfest_2014_06-150x150.jpg\" width=\"150\" height=\"150\" alt=\"\"\/><\/a><\/div><div class=\"rl-gallery-item\"><a href=\"http:\/\/weezy.bplaced.net\/wp-content\/uploads\/2022\/06\/Sommerfest-2022_P1020825.jpg\" title=\"\" data-rl_title=\"\" class=\"rl-gallery-link\" data-rl_caption=\"\" data-rel=\"lightbox-gallery-23\"><img loading=\"lazy\" decoding=\"async\" src=\"http:\/\/weezy.bplaced.net\/wp-content\/uploads\/2022\/06\/Sommerfest-2022_P1020825-150x150.jpg\" width=\"150\" height=\"150\" alt=\"\"\/><\/a><\/div><div class=\"rl-gallery-item\"><a href=\"http:\/\/weezy.bplaced.net\/wp-content\/uploads\/2022\/06\/EULE-Sommerfest_2022__Zertifikatsuebergabe.jpg\" title=\"\" data-rl_title=\"\" class=\"rl-gallery-link\" data-rl_caption=\"\" data-rel=\"lightbox-gallery-23\"><img loading=\"lazy\" decoding=\"async\" src=\"http:\/\/weezy.bplaced.net\/wp-content\/uploads\/2022\/06\/EULE-Sommerfest_2022__Zertifikatsuebergabe-150x150.jpg\" width=\"150\" height=\"150\" alt=\"\"\/><\/a><\/div><div class=\"rl-gallery-item\"><a href=\"http:\/\/weezy.bplaced.net\/wp-content\/uploads\/2023\/06\/EULE-Sommerfest_01.06.2023_01a.jpg\" title=\"\" data-rl_title=\"\" class=\"rl-gallery-link\" data-rl_caption=\"\" data-rel=\"lightbox-gallery-23\"><img loading=\"lazy\" decoding=\"async\" src=\"http:\/\/weezy.bplaced.net\/wp-content\/uploads\/2023\/06\/EULE-Sommerfest_01.06.2023_01a-150x150.jpg\" width=\"150\" height=\"150\" alt=\"\"\/><\/a><\/div><div class=\"rl-gallery-item\"><a href=\"http:\/\/weezy.bplaced.net\/wp-content\/uploads\/2023\/06\/EULE-Sommerfest_01.06.2023_03.jpg\" title=\"\" data-rl_title=\"\" class=\"rl-gallery-link\" data-rl_caption=\"\" data-rel=\"lightbox-gallery-23\"><img loading=\"lazy\" decoding=\"async\" src=\"http:\/\/weezy.bplaced.net\/wp-content\/uploads\/2023\/06\/EULE-Sommerfest_01.06.2023_03-150x150.jpg\" width=\"150\" height=\"150\" alt=\"\"\/><\/a><\/div><div class=\"rl-gallery-item\"><a href=\"http:\/\/weezy.bplaced.net\/wp-content\/uploads\/2023\/06\/EULE-Sommerfest_01.06.2023_04.jpg\" title=\"\" data-rl_title=\"\" class=\"rl-gallery-link\" data-rl_caption=\"\" data-rel=\"lightbox-gallery-23\"><img loading=\"lazy\" decoding=\"async\" src=\"http:\/\/weezy.bplaced.net\/wp-content\/uploads\/2023\/06\/EULE-Sommerfest_01.06.2023_04-150x150.jpg\" width=\"150\" height=\"150\" alt=\"\"\/><\/a><\/div> <\/div> <\/div>\n\n\n\n<p class=\"has-text-align-left\">Fotos 1-5: EULE-Sommerfest 2009<\/p>\n\n\n\n<p class=\"has-text-align-left\">Foto 6: EULE-Sommerfest 2010<\/p>\n\n\n\n<p class=\"has-text-align-left\">Fotos 7-9: EULE-Sommerfest 2011<\/p>\n\n\n\n<p>Fotos 10-11: EULE-Sommerfest 2013<\/p>\n\n\n\n<p>Fotos 12-17: EULE-Sommerfest 2014<\/p>\n\n\n\n<p>Fotos 18-19: EULE-Sommerfest 2022<\/p>\n\n\n\n<p>Fotos 20-22: EULE-Sommerfest 2023<\/p>\n\n\n\n<p>.<\/p>\n\n\n\n<p style=\"font-size:18px\"><strong>Kursunterricht (3): Schuljahr 2023\/24<\/strong><\/p>\n\n\n<div class=\"rl-gallery-container rl-loading\" id=\"rl-gallery-container-24\" data-gallery_id=\"963\"> <div class=\"rl-gallery rl-basicgrid-gallery \" id=\"rl-gallery-24\" data-gallery_no=\"24\"> <div class=\"rl-gallery-item\"><a href=\"http:\/\/weezy.bplaced.net\/wp-content\/uploads\/2023\/10\/Englisch-Anfaenger-ger.-Vork.-KE02-19.10.23.jpg\" title=\"\" data-rl_title=\"\" class=\"rl-gallery-link\" data-rl_caption=\"\" data-rel=\"lightbox-gallery-24\"><img loading=\"lazy\" decoding=\"async\" src=\"http:\/\/weezy.bplaced.net\/wp-content\/uploads\/2023\/10\/Englisch-Anfaenger-ger.-Vork.-KE02-19.10.23-150x150.jpg\" width=\"150\" height=\"150\" alt=\"\"\/><\/a><\/div><div class=\"rl-gallery-item\"><a href=\"http:\/\/weezy.bplaced.net\/wp-content\/uploads\/2023\/10\/Englisch-Anfaenger-mit-Vork.-JE16-26.10.23-rotated.jpg\" title=\"\" data-rl_title=\"\" class=\"rl-gallery-link\" data-rl_caption=\"\" data-rel=\"lightbox-gallery-24\"><img loading=\"lazy\" decoding=\"async\" src=\"http:\/\/weezy.bplaced.net\/wp-content\/uploads\/2023\/10\/Englisch-Anfaenger-mit-Vork.-JE16-26.10.23-150x150.jpg\" width=\"150\" height=\"150\" alt=\"\"\/><\/a><\/div><div class=\"rl-gallery-item\"><a href=\"http:\/\/weezy.bplaced.net\/wp-content\/uploads\/2023\/10\/Fotobuch-KE10-26.10.23-rotated.jpg\" title=\"\" data-rl_title=\"\" class=\"rl-gallery-link\" data-rl_caption=\"\" data-rel=\"lightbox-gallery-24\"><img loading=\"lazy\" decoding=\"async\" src=\"http:\/\/weezy.bplaced.net\/wp-content\/uploads\/2023\/10\/Fotobuch-KE10-26.10.23-150x150.jpg\" width=\"150\" height=\"150\" alt=\"\"\/><\/a><\/div><div class=\"rl-gallery-item\"><a href=\"http:\/\/weezy.bplaced.net\/wp-content\/uploads\/2023\/10\/Smartphone-Anfaenger-1-KE11-19.10.23.jpg\" title=\"\" data-rl_title=\"\" class=\"rl-gallery-link\" data-rl_caption=\"\" data-rel=\"lightbox-gallery-24\"><img loading=\"lazy\" decoding=\"async\" src=\"http:\/\/weezy.bplaced.net\/wp-content\/uploads\/2023\/10\/Smartphone-Anfaenger-1-KE11-19.10.23-150x150.jpg\" width=\"150\" height=\"150\" alt=\"\"\/><\/a><\/div><div class=\"rl-gallery-item\"><a href=\"http:\/\/weezy.bplaced.net\/wp-content\/uploads\/2023\/10\/Smartphone-Anfaenger-2-JE17-26.10.23-rotated.jpg\" title=\"\" data-rl_title=\"\" class=\"rl-gallery-link\" data-rl_caption=\"\" data-rel=\"lightbox-gallery-24\"><img loading=\"lazy\" decoding=\"async\" src=\"http:\/\/weezy.bplaced.net\/wp-content\/uploads\/2023\/10\/Smartphone-Anfaenger-2-JE17-26.10.23-150x150.jpg\" width=\"150\" height=\"150\" alt=\"\"\/><\/a><\/div><div class=\"rl-gallery-item\"><a href=\"http:\/\/weezy.bplaced.net\/wp-content\/uploads\/2023\/10\/Smartphone-Fortgeschr.-KE12-19.10.23-1.jpg\" title=\"\" data-rl_title=\"\" class=\"rl-gallery-link\" data-rl_caption=\"\" data-rel=\"lightbox-gallery-24\"><img loading=\"lazy\" decoding=\"async\" src=\"http:\/\/weezy.bplaced.net\/wp-content\/uploads\/2023\/10\/Smartphone-Fortgeschr.-KE12-19.10.23-1-150x150.jpg\" width=\"150\" height=\"150\" alt=\"\"\/><\/a><\/div> <\/div> <\/div>\n\n\n\n<p>.<\/p>\n\n\n\n<p style=\"font-size:18px\"><strong>Kursunterricht (2): Schuljahre 2015\/16, 2017\/18<\/strong><\/p>\n\n\n<div class=\"rl-gallery-container rl-loading\" id=\"rl-gallery-container-25\" data-gallery_id=\"474\"> <div class=\"rl-gallery rl-basicgrid-gallery \" id=\"rl-gallery-25\" data-gallery_no=\"25\"> <div class=\"rl-gallery-item\"><a href=\"http:\/\/weezy.bplaced.net\/wp-content\/uploads\/2022\/06\/JE16-P1000038-scaled.jpg\" title=\"\" data-rl_title=\"\" class=\"rl-gallery-link\" data-rl_caption=\"\" data-rel=\"lightbox-gallery-25\"><img loading=\"lazy\" decoding=\"async\" src=\"http:\/\/weezy.bplaced.net\/wp-content\/uploads\/2022\/06\/JE16-P1000038-150x150.jpg\" width=\"150\" height=\"150\" alt=\"\"\/><\/a><\/div><div class=\"rl-gallery-item\"><a href=\"http:\/\/weezy.bplaced.net\/wp-content\/uploads\/2022\/06\/J113-P1000052-scaled.jpg\" title=\"\" data-rl_title=\"\" class=\"rl-gallery-link\" data-rl_caption=\"\" data-rel=\"lightbox-gallery-25\"><img loading=\"lazy\" decoding=\"async\" src=\"http:\/\/weezy.bplaced.net\/wp-content\/uploads\/2022\/06\/J113-P1000052-150x150.jpg\" width=\"150\" height=\"150\" alt=\"\"\/><\/a><\/div><div class=\"rl-gallery-item\"><a href=\"http:\/\/weezy.bplaced.net\/wp-content\/uploads\/2022\/06\/J112-P1000049-scaled.jpg\" title=\"\" data-rl_title=\"\" class=\"rl-gallery-link\" data-rl_caption=\"\" data-rel=\"lightbox-gallery-25\"><img loading=\"lazy\" decoding=\"async\" src=\"http:\/\/weezy.bplaced.net\/wp-content\/uploads\/2022\/06\/J112-P1000049-150x150.jpg\" width=\"150\" height=\"150\" alt=\"\"\/><\/a><\/div><div class=\"rl-gallery-item\"><a href=\"http:\/\/weezy.bplaced.net\/wp-content\/uploads\/2022\/06\/JE17-P1000041-scaled.jpg\" title=\"\" data-rl_title=\"\" class=\"rl-gallery-link\" data-rl_caption=\"\" data-rel=\"lightbox-gallery-25\"><img loading=\"lazy\" decoding=\"async\" src=\"http:\/\/weezy.bplaced.net\/wp-content\/uploads\/2022\/06\/JE17-P1000041-150x150.jpg\" width=\"150\" height=\"150\" alt=\"\"\/><\/a><\/div><div class=\"rl-gallery-item\"><a href=\"http:\/\/weezy.bplaced.net\/wp-content\/uploads\/2022\/06\/Smartphone-iPad-_9.2015-scaled.jpg\" title=\"\" data-rl_title=\"\" class=\"rl-gallery-link\" data-rl_caption=\"\" data-rel=\"lightbox-gallery-25\"><img loading=\"lazy\" decoding=\"async\" src=\"http:\/\/weezy.bplaced.net\/wp-content\/uploads\/2022\/06\/Smartphone-iPad-_9.2015-150x150.jpg\" width=\"150\" height=\"150\" alt=\"\"\/><\/a><\/div><div class=\"rl-gallery-item\"><a href=\"http:\/\/weezy.bplaced.net\/wp-content\/uploads\/2022\/06\/SpanischAnfaenger-_9.2015-scaled.jpg\" title=\"\" data-rl_title=\"\" class=\"rl-gallery-link\" data-rl_caption=\"\" data-rel=\"lightbox-gallery-25\"><img loading=\"lazy\" decoding=\"async\" src=\"http:\/\/weezy.bplaced.net\/wp-content\/uploads\/2022\/06\/SpanischAnfaenger-_9.2015-150x150.jpg\" width=\"150\" height=\"150\" alt=\"\"\/><\/a><\/div><div class=\"rl-gallery-item\"><a href=\"http:\/\/weezy.bplaced.net\/wp-content\/uploads\/2022\/06\/EnglischFortgeschrittene-_9.2015-scaled.jpg\" title=\"\" data-rl_title=\"\" class=\"rl-gallery-link\" data-rl_caption=\"\" data-rel=\"lightbox-gallery-25\"><img loading=\"lazy\" decoding=\"async\" src=\"http:\/\/weezy.bplaced.net\/wp-content\/uploads\/2022\/06\/EnglischFortgeschrittene-_9.2015-150x150.jpg\" width=\"150\" height=\"150\" alt=\"\"\/><\/a><\/div><div class=\"rl-gallery-item\"><a href=\"http:\/\/weezy.bplaced.net\/wp-content\/uploads\/2022\/06\/ComputerAnfaenger-_9.2015.jpg\" title=\"\" data-rl_title=\"\" class=\"rl-gallery-link\" data-rl_caption=\"\" data-rel=\"lightbox-gallery-25\"><img loading=\"lazy\" decoding=\"async\" src=\"http:\/\/weezy.bplaced.net\/wp-content\/uploads\/2022\/06\/ComputerAnfaenger-_9.2015-150x150.jpg\" width=\"150\" height=\"150\" alt=\"\"\/><\/a><\/div> <\/div> <\/div>\n\n\n\n<p class=\"has-text-align-left\">.<\/p>\n\n\n\n<p style=\"font-size:18px\"><strong>Kursunterricht (1): Schuljahre 2010\/11, 2012\/13<\/strong><\/p>\n\n\n<div class=\"rl-gallery-container rl-loading\" id=\"rl-gallery-container-26\" data-gallery_id=\"330\"> <div class=\"rl-gallery rl-basicgrid-gallery \" id=\"rl-gallery-26\" data-gallery_no=\"26\"> <div class=\"rl-gallery-item\"><a href=\"http:\/\/weezy.bplaced.net\/wp-content\/uploads\/2022\/06\/unterricht_10.jpg\" title=\"\" data-rl_title=\"\" class=\"rl-gallery-link\" data-rl_caption=\"\" data-rel=\"lightbox-gallery-26\"><img loading=\"lazy\" decoding=\"async\" src=\"http:\/\/weezy.bplaced.net\/wp-content\/uploads\/2022\/06\/unterricht_10-150x150.jpg\" width=\"150\" height=\"150\" alt=\"\"\/><\/a><\/div><div class=\"rl-gallery-item\"><a href=\"http:\/\/weezy.bplaced.net\/wp-content\/uploads\/2022\/06\/unterricht_11.jpg\" title=\"\" data-rl_title=\"\" class=\"rl-gallery-link\" data-rl_caption=\"\" data-rel=\"lightbox-gallery-26\"><img loading=\"lazy\" decoding=\"async\" src=\"http:\/\/weezy.bplaced.net\/wp-content\/uploads\/2022\/06\/unterricht_11-150x150.jpg\" width=\"150\" height=\"150\" alt=\"\"\/><\/a><\/div><div class=\"rl-gallery-item\"><a href=\"http:\/\/weezy.bplaced.net\/wp-content\/uploads\/2022\/06\/unterricht_12.jpg\" title=\"\" data-rl_title=\"\" class=\"rl-gallery-link\" data-rl_caption=\"\" data-rel=\"lightbox-gallery-26\"><img loading=\"lazy\" decoding=\"async\" src=\"http:\/\/weezy.bplaced.net\/wp-content\/uploads\/2022\/06\/unterricht_12-150x150.jpg\" width=\"150\" height=\"150\" alt=\"\"\/><\/a><\/div><div class=\"rl-gallery-item\"><a href=\"http:\/\/weezy.bplaced.net\/wp-content\/uploads\/2022\/06\/unterricht_13.jpg\" title=\"\" data-rl_title=\"\" class=\"rl-gallery-link\" data-rl_caption=\"\" data-rel=\"lightbox-gallery-26\"><img loading=\"lazy\" decoding=\"async\" src=\"http:\/\/weezy.bplaced.net\/wp-content\/uploads\/2022\/06\/unterricht_13-150x150.jpg\" width=\"150\" height=\"150\" alt=\"\"\/><\/a><\/div><div class=\"rl-gallery-item\"><a href=\"http:\/\/weezy.bplaced.net\/wp-content\/uploads\/2022\/06\/unterricht_14.jpg\" title=\"\" data-rl_title=\"\" class=\"rl-gallery-link\" data-rl_caption=\"\" data-rel=\"lightbox-gallery-26\"><img loading=\"lazy\" decoding=\"async\" src=\"http:\/\/weezy.bplaced.net\/wp-content\/uploads\/2022\/06\/unterricht_14-150x150.jpg\" width=\"150\" height=\"150\" alt=\"\"\/><\/a><\/div><div class=\"rl-gallery-item\"><a href=\"http:\/\/weezy.bplaced.net\/wp-content\/uploads\/2022\/06\/unterricht_09.jpg\" title=\"\" data-rl_title=\"\" class=\"rl-gallery-link\" data-rl_caption=\"\" data-rel=\"lightbox-gallery-26\"><img loading=\"lazy\" decoding=\"async\" src=\"http:\/\/weezy.bplaced.net\/wp-content\/uploads\/2022\/06\/unterricht_09-150x150.jpg\" width=\"150\" height=\"150\" alt=\"\"\/><\/a><\/div><div class=\"rl-gallery-item\"><a href=\"http:\/\/weezy.bplaced.net\/wp-content\/uploads\/2022\/06\/unterricht_08.jpg\" title=\"\" data-rl_title=\"\" class=\"rl-gallery-link\" data-rl_caption=\"\" data-rel=\"lightbox-gallery-26\"><img loading=\"lazy\" decoding=\"async\" src=\"http:\/\/weezy.bplaced.net\/wp-content\/uploads\/2022\/06\/unterricht_08-150x150.jpg\" width=\"150\" height=\"150\" alt=\"\"\/><\/a><\/div><div class=\"rl-gallery-item\"><a href=\"http:\/\/weezy.bplaced.net\/wp-content\/uploads\/2022\/06\/unterricht_07.jpg\" title=\"\" data-rl_title=\"\" class=\"rl-gallery-link\" data-rl_caption=\"\" data-rel=\"lightbox-gallery-26\"><img loading=\"lazy\" decoding=\"async\" src=\"http:\/\/weezy.bplaced.net\/wp-content\/uploads\/2022\/06\/unterricht_07-150x150.jpg\" width=\"150\" height=\"150\" alt=\"\"\/><\/a><\/div><div class=\"rl-gallery-item\"><a href=\"http:\/\/weezy.bplaced.net\/wp-content\/uploads\/2022\/06\/unterricht_05.jpg\" title=\"\" data-rl_title=\"\" class=\"rl-gallery-link\" data-rl_caption=\"\" data-rel=\"lightbox-gallery-26\"><img loading=\"lazy\" decoding=\"async\" src=\"http:\/\/weezy.bplaced.net\/wp-content\/uploads\/2022\/06\/unterricht_05-150x150.jpg\" width=\"150\" height=\"150\" alt=\"\"\/><\/a><\/div><div class=\"rl-gallery-item\"><a href=\"http:\/\/weezy.bplaced.net\/wp-content\/uploads\/2022\/06\/unterricht_04.jpg\" title=\"\" data-rl_title=\"\" class=\"rl-gallery-link\" data-rl_caption=\"\" data-rel=\"lightbox-gallery-26\"><img loading=\"lazy\" decoding=\"async\" src=\"http:\/\/weezy.bplaced.net\/wp-content\/uploads\/2022\/06\/unterricht_04-150x150.jpg\" width=\"150\" height=\"150\" alt=\"\"\/><\/a><\/div><div class=\"rl-gallery-item\"><a href=\"http:\/\/weezy.bplaced.net\/wp-content\/uploads\/2022\/06\/unterricht_03.jpg\" title=\"\" data-rl_title=\"\" class=\"rl-gallery-link\" data-rl_caption=\"\" data-rel=\"lightbox-gallery-26\"><img loading=\"lazy\" decoding=\"async\" src=\"http:\/\/weezy.bplaced.net\/wp-content\/uploads\/2022\/06\/unterricht_03-150x150.jpg\" width=\"150\" height=\"150\" alt=\"\"\/><\/a><\/div><div class=\"rl-gallery-item\"><a href=\"http:\/\/weezy.bplaced.net\/wp-content\/uploads\/2022\/06\/unterricht_02.jpg\" title=\"\" data-rl_title=\"\" class=\"rl-gallery-link\" data-rl_caption=\"\" data-rel=\"lightbox-gallery-26\"><img loading=\"lazy\" decoding=\"async\" src=\"http:\/\/weezy.bplaced.net\/wp-content\/uploads\/2022\/06\/unterricht_02-150x150.jpg\" width=\"150\" height=\"150\" alt=\"\"\/><\/a><\/div><div class=\"rl-gallery-item\"><a href=\"http:\/\/weezy.bplaced.net\/wp-content\/uploads\/2022\/06\/unterricht_01.jpg\" title=\"\" data-rl_title=\"\" class=\"rl-gallery-link\" data-rl_caption=\"\" data-rel=\"lightbox-gallery-26\"><img loading=\"lazy\" decoding=\"async\" src=\"http:\/\/weezy.bplaced.net\/wp-content\/uploads\/2022\/06\/unterricht_01-150x150.jpg\" width=\"150\" height=\"150\" alt=\"\"\/><\/a><\/div> <\/div> <\/div>\n\n\n\n<p>.<\/p>\n\n\n\n<p style=\"font-size:18px\"><strong>Abschiedsfeier &#8222;Erster EULE-Jahrgang&#8220;, Haus St. Veronika Paderborn 28.01.2010<\/strong><\/p>\n\n\n<div class=\"rl-gallery-container rl-loading\" id=\"rl-gallery-container-27\" data-gallery_id=\"525\"> <div class=\"rl-gallery rl-basicgrid-gallery \" id=\"rl-gallery-27\" data-gallery_no=\"27\"> <div class=\"rl-gallery-item\"><a href=\"http:\/\/weezy.bplaced.net\/wp-content\/uploads\/2022\/06\/EULE-Abschiedsfeier-Gruppenfoto-28.01.2010.jpg\" title=\"\" data-rl_title=\"\" class=\"rl-gallery-link\" data-rl_caption=\"\" data-rel=\"lightbox-gallery-27\"><img loading=\"lazy\" decoding=\"async\" src=\"http:\/\/weezy.bplaced.net\/wp-content\/uploads\/2022\/06\/EULE-Abschiedsfeier-Gruppenfoto-28.01.2010-150x150.jpg\" width=\"150\" height=\"150\" alt=\"\"\/><\/a><\/div> <\/div> <\/div>\n\n\n\n<p class=\"has-text-align-left\">.<\/p>\n\n\n\n<p style=\"font-size:18px\"><strong>Projektauftakt: Erste EULE-Informationsveranstaltung, LEBK Paderborn 12.02.2009<\/strong><\/p>\n\n\n<div class=\"rl-gallery-container rl-loading\" id=\"rl-gallery-container-28\" data-gallery_id=\"453\"> <div class=\"rl-gallery rl-basicgrid-gallery \" id=\"rl-gallery-28\" data-gallery_no=\"28\"> <div class=\"rl-gallery-item\"><a href=\"http:\/\/weezy.bplaced.net\/wp-content\/uploads\/2022\/06\/Info-12.02.09-_11-1.jpg\" title=\"\" data-rl_title=\"\" class=\"rl-gallery-link\" data-rl_caption=\"\" data-rel=\"lightbox-gallery-28\"><img loading=\"lazy\" decoding=\"async\" src=\"http:\/\/weezy.bplaced.net\/wp-content\/uploads\/2022\/06\/Info-12.02.09-_11-1-150x150.jpg\" width=\"150\" height=\"150\" alt=\"\"\/><\/a><\/div><div class=\"rl-gallery-item\"><a href=\"http:\/\/weezy.bplaced.net\/wp-content\/uploads\/2022\/06\/Info-12.02.09-_12-1.jpg\" title=\"\" data-rl_title=\"\" class=\"rl-gallery-link\" data-rl_caption=\"\" data-rel=\"lightbox-gallery-28\"><img loading=\"lazy\" decoding=\"async\" src=\"http:\/\/weezy.bplaced.net\/wp-content\/uploads\/2022\/06\/Info-12.02.09-_12-1-150x150.jpg\" width=\"150\" height=\"150\" alt=\"\"\/><\/a><\/div> <\/div> <\/div>\n\n\n\n<p><\/p>\n","protected":false},"excerpt":{"rendered":"<p>Verleihung Ehrenamtspreis &#8222;Ehrenamt schafft Begegnung&#8220;, Ministerium f\u00fcr Arbeit, Gesundheit und Soziales des Landes Nordrhein-Westfalen, D\u00fcsseldorf 26.03.2026 Feierstunde zur Verleihung des Ehrenamtspreises &#8222;Ehrenamt schafft Begegnung&#8220; im Karl-Arnold-Saal des Ministeriums f\u00fcr Arbeit, Gesundheit und Soziales des Landes Nordrhein-Westfalen, D\u00fcsseldorf 26.03.2026 Foto 1: Gru\u00dfwort Sozialminister Karl-Josef Laumann MdL Foto 2: Moderatorin der Preisverleihung Frau Ramona Ge\u00dfler Foto 3: [&hellip;]<\/p>\n","protected":false},"author":2,"featured_media":0,"parent":0,"menu_order":0,"comment_status":"closed","ping_status":"closed","template":"","meta":{"footnotes":""},"tags":[],"class_list":["post-297","page","type-page","status-publish","hentry"],"_links":{"self":[{"href":"http:\/\/weezy.bplaced.net\/index.php?rest_route=\/wp\/v2\/pages\/297","targetHints":{"allow":["GET"]}}],"collection":[{"href":"http:\/\/weezy.bplaced.net\/index.php?rest_route=\/wp\/v2\/pages"}],"about":[{"href":"http:\/\/weezy.bplaced.net\/index.php?rest_route=\/wp\/v2\/types\/page"}],"author":[{"embeddable":true,"href":"http:\/\/weezy.bplaced.net\/index.php?rest_route=\/wp\/v2\/users\/2"}],"replies":[{"embeddable":true,"href":"http:\/\/weezy.bplaced.net\/index.php?rest_route=%2Fwp%2Fv2%2Fcomments&post=297"}],"version-history":[{"count":79,"href":"http:\/\/weezy.bplaced.net\/index.php?rest_route=\/wp\/v2\/pages\/297\/revisions"}],"predecessor-version":[{"id":1781,"href":"http:\/\/weezy.bplaced.net\/index.php?rest_route=\/wp\/v2\/pages\/297\/revisions\/1781"}],"wp:attachment":[{"href":"http:\/\/weezy.bplaced.net\/index.php?rest_route=%2Fwp%2Fv2%2Fmedia&parent=297"}],"wp:term":[{"taxonomy":"post_tag","embeddable":true,"href":"http:\/\/weezy.bplaced.net\/index.php?rest_route=%2Fwp%2Fv2%2Ftags&post=297"}],"curies":[{"name":"wp","href":"https:\/\/api.w.org\/{rel}","templated":true}]}}